{"id":1265,"date":"2010-08-09T18:07:54","date_gmt":"2010-08-09T17:07:54","guid":{"rendered":"http:\/\/www.clairebouilhac.com\/?page_id=1265"},"modified":"2013-11-29T15:06:55","modified_gmt":"2013-11-29T14:06:55","slug":"5-%e2%80%a2-trop-top-linotte-des-bd-avec-catel-muller-au-dessin","status":"publish","type":"page","link":"https:\/\/www.clairebouilhac.com\/?page_id=1265","title":{"rendered":"&#8211; Top Linotte  (Les p&rsquo;tites sorci\u00e8res)"},"content":{"rendered":"<p><strong>\u2022 Bande dessin\u00e9e \u2022<\/strong><\/p>\n<p>3 albums aux \u00e9ditions DUPUIS<br \/>\npr\u00e9-publication FLEURUS<\/p>\n<p>Cr\u00e9\u00e9e par Catel, Linotte est une petite fille fut\u00e9e et passionn\u00e9e d&rsquo;\u00e9quitation.<br \/>\nElle \u00e9volue dans un univers quotidien, entre l&rsquo;\u00e9cole, les vacances et la maison,<br \/>\no\u00f9 elle retrouve ses parents, ses copains, ses copines et Pimpon, son poney.<\/p>\n<p>Je suis d\u00e9sormais co-auteure de la s\u00e9rie avec Catel MULLER.<img loading=\"lazy\" class=\"alignnone size-full wp-image-2649\" title=\"Linotte COUV T2\" src=\"https:\/\/www.clairebouilhac.com\/wp-content\/uploads\/2010\/08\/Linotte-COUV-T2.jpg\" alt=\"Linotte COUV T2\" width=\"407\" height=\"564\" srcset=\"https:\/\/www.clairebouilhac.com\/wp-content\/uploads\/2010\/08\/Linotte-COUV-T2.jpg 500w, https:\/\/www.clairebouilhac.com\/wp-content\/uploads\/2010\/08\/Linotte-COUV-T2-216x300.jpg 216w\" sizes=\"(max-width: 407px) 100vw, 407px\" \/><\/p>\n<p>On en parle dans <a href=\"http:\/\/bdzoom.com\/44619\/bd-jeunesse\/%C2%AB-top-linotte-%C2%BB-t2-%C2%AB-trop-pimpon-%C2%BB-par-catel-bouilhac-et-peignon\/\" target=\"_blank\">BD ZOOM<br \/>\n<a href=\"https:\/\/www.clairebouilhac.com\/wp-content\/uploads\/2010\/08\/BDzoom.jpg\"><img loading=\"lazy\" src=\"https:\/\/www.clairebouilhac.com\/wp-content\/uploads\/2010\/08\/BDzoom-300x153.jpg\" alt=\"\" title=\"BDzoom\" width=\"300\" height=\"153\" class=\"alignleft size-medium wp-image-3694\" srcset=\"https:\/\/www.clairebouilhac.com\/wp-content\/uploads\/2010\/08\/BDzoom-300x153.jpg 300w, https:\/\/www.clairebouilhac.com\/wp-content\/uploads\/2010\/08\/BDzoom.jpg 500w\" sizes=\"(max-width: 300px) 100vw, 300px\" \/><\/a><br \/>\n<\/a><br \/>\n<img loading=\"lazy\" class=\"alignnone size-full wp-image-2650\" title=\"conte d\u00e9fait-1\" src=\"https:\/\/www.clairebouilhac.com\/wp-content\/uploads\/2010\/08\/conte-d\u00e9fait-1.jpg\" alt=\"conte d\u00e9fait-1\" width=\"407\" height=\"632\" srcset=\"https:\/\/www.clairebouilhac.com\/wp-content\/uploads\/2010\/08\/conte-d\u00e9fait-1.jpg 700w, https:\/\/www.clairebouilhac.com\/wp-content\/uploads\/2010\/08\/conte-d\u00e9fait-1-193x300.jpg 193w, https:\/\/www.clairebouilhac.com\/wp-content\/uploads\/2010\/08\/conte-d\u00e9fait-1-659x1024.jpg 659w\" sizes=\"(max-width: 407px) 100vw, 407px\" \/><\/p>\n<p><img loading=\"lazy\" class=\"alignnone size-full wp-image-2654\" title=\"conte d\u00e9fait-2\" src=\"https:\/\/www.clairebouilhac.com\/wp-content\/uploads\/2010\/08\/conte-d\u00e9fait-2.jpg\" alt=\"conte d\u00e9fait-2\" width=\"407\" height=\"592\" \/><\/p>\n<p>Les \u00e9ditions Albatros Media viennent d&rsquo;\u00e9diter le tome 1 en tch\u00e8que,<br \/>\n\u00ab\u00a0<em>Trop styl\u00e9<\/em>\u00ab\u00a0devient \u00ab\u00a0<em>Mal\u00e1 uli\u010dnice<\/em>\u00ab\u00a0.<\/p>\n<p><img loading=\"lazy\" class=\"alignnone size-full wp-image-2652\" title=\"COUV LINOTTE T1 ed2 blog\" src=\"https:\/\/www.clairebouilhac.com\/wp-content\/uploads\/2010\/08\/COUV-LINOTTE-T1-ed2-blog.jpg\" alt=\"COUV LINOTTE T1 ed2 blog\" width=\"407\" height=\"585\" srcset=\"https:\/\/www.clairebouilhac.com\/wp-content\/uploads\/2010\/08\/COUV-LINOTTE-T1-ed2-blog.jpg 407w, https:\/\/www.clairebouilhac.com\/wp-content\/uploads\/2010\/08\/COUV-LINOTTE-T1-ed2-blog-208x300.jpg 208w\" sizes=\"(max-width: 407px) 100vw, 407px\" \/><\/p>\n<p><a href=\"https:\/\/www.clairebouilhac.com\/wp-content\/uploads\/2013\/04\/mal\u00e1-uli\u010dnice.jpg\"><img loading=\"lazy\" class=\"alignleft size-full wp-image-3312\" title=\"mal\u00e1 uli\u010dnice\" src=\"https:\/\/www.clairebouilhac.com\/wp-content\/uploads\/2013\/04\/mal\u00e1-uli\u010dnice.jpg\" alt=\"\" width=\"407\" height=\"585\" \/><\/a><\/p>\n<p><img loading=\"lazy\" class=\"alignnone size-full wp-image-2651\" title=\"rentree zailee-1\" src=\"https:\/\/www.clairebouilhac.com\/wp-content\/uploads\/2010\/08\/rentree-zailee-1.jpg\" alt=\"rentree zailee-1\" width=\"407\" height=\"588\" srcset=\"https:\/\/www.clairebouilhac.com\/wp-content\/uploads\/2010\/08\/rentree-zailee-1.jpg 700w, https:\/\/www.clairebouilhac.com\/wp-content\/uploads\/2010\/08\/rentree-zailee-1-207x300.jpg 207w\" sizes=\"(max-width: 407px) 100vw, 407px\" \/><\/p>\n<p><img loading=\"lazy\" class=\"alignnone size-full wp-image-2653\" title=\"rentree zailee-2\" src=\"https:\/\/www.clairebouilhac.com\/wp-content\/uploads\/2010\/08\/rentree-zailee-2.jpg\" alt=\"rentree zailee-2\" width=\"407\" height=\"588\" srcset=\"https:\/\/www.clairebouilhac.com\/wp-content\/uploads\/2010\/08\/rentree-zailee-2.jpg 700w, https:\/\/www.clairebouilhac.com\/wp-content\/uploads\/2010\/08\/rentree-zailee-2-207x300.jpg 207w\" sizes=\"(max-width: 407px) 100vw, 407px\" \/><\/p>\n<p><a href=\"https:\/\/www.clairebouilhac.com\/wp-content\/uploads\/2010\/08\/Untitled-1.jpg\"><img loading=\"lazy\" class=\"alignleft size-full wp-image-3587\" title=\"Untitled-1\" src=\"https:\/\/www.clairebouilhac.com\/wp-content\/uploads\/2010\/08\/Untitled-1.jpg\" alt=\"\" width=\"500\" height=\"687\" srcset=\"https:\/\/www.clairebouilhac.com\/wp-content\/uploads\/2010\/08\/Untitled-1.jpg 500w, https:\/\/www.clairebouilhac.com\/wp-content\/uploads\/2010\/08\/Untitled-1-218x300.jpg 218w\" sizes=\"(max-width: 500px) 100vw, 500px\" \/><\/a><\/p>\n<p>&nbsp;<\/p>\n<p>&nbsp;<\/p>\n<p>&nbsp;<\/p>\n<p>&nbsp;<\/p>\n<p><a href=\"https:\/\/www.clairebouilhac.com\/wp-content\/uploads\/2010\/08\/LIN-OCT-13-Monstrueuse-P1-COUL-150.jpg\"><img loading=\"lazy\" class=\"alignleft size-full wp-image-3589\" title=\"LIN OCT 13 Monstrueuse P1 COUL 150\" src=\"https:\/\/www.clairebouilhac.com\/wp-content\/uploads\/2010\/08\/LIN-OCT-13-Monstrueuse-P1-COUL-150.jpg\" alt=\"\" width=\"500\" height=\"707\" srcset=\"https:\/\/www.clairebouilhac.com\/wp-content\/uploads\/2010\/08\/LIN-OCT-13-Monstrueuse-P1-COUL-150.jpg 500w, https:\/\/www.clairebouilhac.com\/wp-content\/uploads\/2010\/08\/LIN-OCT-13-Monstrueuse-P1-COUL-150-212x300.jpg 212w\" sizes=\"(max-width: 500px) 100vw, 500px\" \/><\/a><a href=\"https:\/\/www.clairebouilhac.com\/wp-content\/uploads\/2010\/08\/LIN-OCT-13-Monstrueuse-P2-COUL-150.jpg\"><img loading=\"lazy\" class=\"alignleft size-full wp-image-3590\" title=\"LIN OCT 13 Monstrueuse P2 COUL 150\" src=\"https:\/\/www.clairebouilhac.com\/wp-content\/uploads\/2010\/08\/LIN-OCT-13-Monstrueuse-P2-COUL-150.jpg\" alt=\"\" width=\"500\" height=\"707\" srcset=\"https:\/\/www.clairebouilhac.com\/wp-content\/uploads\/2010\/08\/LIN-OCT-13-Monstrueuse-P2-COUL-150.jpg 500w, https:\/\/www.clairebouilhac.com\/wp-content\/uploads\/2010\/08\/LIN-OCT-13-Monstrueuse-P2-COUL-150-212x300.jpg 212w\" sizes=\"(max-width: 500px) 100vw, 500px\" \/><\/a><\/p>\n<p><a href=\"http:\/\/www.dupuis.com\/catalogue\/FR\/al\/20807\/trop_top_linotte.html\" target=\"blank\">le site de DUPUIS<\/a><\/p>\n<p>On peut aussi suivre Linotte chaque mois dans Les Petites sorci\u00e8res (FLEURUS),<\/p>\n<p><img loading=\"lazy\" class=\"alignnone size-full wp-image-1277\" title=\"bibliofille1\" src=\"https:\/\/www.clairebouilhac.com\/wp-content\/uploads\/2010\/08\/bibliofille1.jpg\" alt=\"bibliofille1\" width=\"407\" height=\"642\" srcset=\"https:\/\/www.clairebouilhac.com\/wp-content\/uploads\/2010\/08\/bibliofille1.jpg 407w, https:\/\/www.clairebouilhac.com\/wp-content\/uploads\/2010\/08\/bibliofille1-190x300.jpg 190w\" sizes=\"(max-width: 407px) 100vw, 407px\" \/><\/p>\n<p><img loading=\"lazy\" class=\"alignnone size-full wp-image-1278\" title=\"bibliofille2\" src=\"https:\/\/www.clairebouilhac.com\/wp-content\/uploads\/2010\/08\/bibliofille2.jpg\" alt=\"bibliofille2\" width=\"407\" height=\"642\" srcset=\"https:\/\/www.clairebouilhac.com\/wp-content\/uploads\/2010\/08\/bibliofille2.jpg 407w, https:\/\/www.clairebouilhac.com\/wp-content\/uploads\/2010\/08\/bibliofille2-190x300.jpg 190w\" sizes=\"(max-width: 407px) 100vw, 407px\" \/><\/p>\n<p><a href=\"http:\/\/www.fleuruspresse.fr\/images\/swf\/7\/appli.htm?id=7\" target=\"blank\">le site de FLEURUS<\/a><\/p>\n","protected":false},"excerpt":{"rendered":"<p>\u2022 Bande dessin\u00e9e \u2022 3 albums aux \u00e9ditions DUPUIS pr\u00e9-publication FLEURUS Cr\u00e9\u00e9e par Catel, Linotte est une petite fille fut\u00e9e et passionn\u00e9e d&rsquo;\u00e9quitation. Elle \u00e9volue dans un univers quotidien, entre l&rsquo;\u00e9cole, les vacances et la maison, o\u00f9 elle retrouve ses parents, ses copains, ses copines et Pimpon, son poney. Je suis d\u00e9sormais co-auteure de la [&hellip;]<\/p>\n","protected":false},"author":1,"featured_media":0,"parent":1851,"menu_order":1,"comment_status":"open","ping_status":"open","template":"","meta":[],"aioseo_notices":[],"_links":{"self":[{"href":"https:\/\/www.clairebouilhac.com\/index.php?rest_route=\/wp\/v2\/pages\/1265"}],"collection":[{"href":"https:\/\/www.clairebouilhac.com\/index.php?rest_route=\/wp\/v2\/pages"}],"about":[{"href":"https:\/\/www.clairebouilhac.com\/index.php?rest_route=\/wp\/v2\/types\/page"}],"author":[{"embeddable":true,"href":"https:\/\/www.clairebouilhac.com\/index.php?rest_route=\/wp\/v2\/users\/1"}],"replies":[{"embeddable":true,"href":"https:\/\/www.clairebouilhac.com\/index.php?rest_route=%2Fwp%2Fv2%2Fcomments&post=1265"}],"version-history":[{"count":48,"href":"https:\/\/www.clairebouilhac.com\/index.php?rest_route=\/wp\/v2\/pages\/1265\/revisions"}],"predecessor-version":[{"id":1272,"href":"https:\/\/www.clairebouilhac.com\/index.php?rest_route=\/wp\/v2\/pages\/1265\/revisions\/1272"}],"up":[{"embeddable":true,"href":"https:\/\/www.clairebouilhac.com\/index.php?rest_route=\/wp\/v2\/pages\/1851"}],"wp:attachment":[{"href":"https:\/\/www.clairebouilhac.com\/index.php?rest_route=%2Fwp%2Fv2%2Fmedia&parent=1265"}],"curies":[{"name":"wp","href":"https:\/\/api.w.org\/{rel}","templated":true}]}}