{"id":2088,"date":"2011-02-25T14:01:32","date_gmt":"2011-02-25T12:01:32","guid":{"rendered":"http:\/\/www.clairebouilhac.com\/?page_id=2088"},"modified":"2013-02-11T22:08:08","modified_gmt":"2013-02-11T21:08:08","slug":"en-chemin-elle-rencontre%e2%80%a6","status":"publish","type":"page","link":"https:\/\/www.clairebouilhac.com\/?page_id=2088","title":{"rendered":"&#8211; Collectifs : En chemin elle rencontre\u2026"},"content":{"rendered":"<p>collectif &#8211; Des Ronds dans l&rsquo;O<\/p>\n<p><img loading=\"lazy\" class=\"alignnone size-full wp-image-2042\" title=\"enCheminElle\" src=\"https:\/\/www.clairebouilhac.com\/wp-content\/uploads\/2011\/02\/enCheminElle.jpg\" alt=\"enCheminElle\" width=\"400\" height=\"529\" srcset=\"https:\/\/www.clairebouilhac.com\/wp-content\/uploads\/2011\/02\/enCheminElle.jpg 400w, https:\/\/www.clairebouilhac.com\/wp-content\/uploads\/2011\/02\/enCheminElle-226x300.jpg 226w\" sizes=\"(max-width: 400px) 100vw, 400px\" \/><\/p>\n<p><strong>Ce qui m&rsquo;a pouss\u00e9e \u00e0 participer \u00e0 \u00ab\u00a0En chemin elle rencontre\u2026\u00a0\u00bb<br \/>\nest un parcours logique, en plusieurs \u00e9tapes.<br \/>\nLorsque j&rsquo;ai rencontr\u00e9 Marie, le 1er tome venait de sortir.<br \/>\nJ&rsquo;ai trouv\u00e9 l&rsquo;id\u00e9e belle.<br \/>\nJusqu&rsquo;\u00e0 pr\u00e9sent, la chance a \u00e9t\u00e9 avec moi, mais je suis touch\u00e9e<br \/>\npar la violence faite aux femmes, en tant que femme et en tant personne.<br \/>\nC&rsquo;\u00e9tait une \u00e9vidence de lui proposer de participer \u00e0 son travail<br \/>\nsi l&rsquo;occasion s&rsquo;en pr\u00e9sentait. Puis, j&rsquo;ai vu le livre, et je l&rsquo;ai trouv\u00e9 r\u00e9ussi.<br \/>\nEn dessinant mes pages pour le tome 2, je me suis aper\u00e7ue<br \/>\nque le sujet int\u00e9resse, et surtout concerne, beaucoup de gens.<br \/>\nJ&rsquo;ai d\u00e9couvert qu&rsquo;autour de moi des personnes ont \u00e9t\u00e9<br \/>\nou sont encore confront\u00e9es aux violences,<br \/>\net qu&rsquo;un livre comme celui-ce peut suffire \u00e0 les faire enfin parler.<br \/>\nJ&rsquo;ai vu que l&rsquo;information peut sauver, mais est tr\u00e8s difficile \u00e0 faire circuler.<br \/>\nCes livres le permettent.<br \/>\nAujourd&rsquo;hui, je sais que ces livres sont indispensables.<br \/>\n<\/strong><br \/>\n<strong>Le tome 2, dans lequel j&rsquo;ai dessin\u00e9 6 pages<br \/>\nsur un sc\u00e9nario de <a title=\"En savoir plus sur Marie Moinard, \u00e9ditrice et auteure, sur le site des \u00e9ditions Des ronds dans l'O\" href=\"http:\/\/www.desrondsdanslo.com\/Moinard4.html\">Marie Moinard<\/a> et <a title=\"En savoir plus sur les travaux de Muriel Salmona sur le site de l'association M\u00e9moire Traumatique et Victimologie\" href=\"http:\/\/memoiretraumatique.org\/psychotraumatismes\/origine-et-mecanismes.html\" target=\"_blank\">Muriel Salmona<\/a><br \/>\nest sorti le 24 f\u00e9vrier 2011.<\/strong><\/p>\n<p><img loading=\"lazy\" class=\"size-full wp-image-2056 alignleft\" title=\"Celine p1\" src=\"https:\/\/www.clairebouilhac.com\/wp-content\/uploads\/2011\/02\/Celine-p1.jpg\" alt=\"Celine p1\" width=\"400\" height=\"527\" srcset=\"https:\/\/www.clairebouilhac.com\/wp-content\/uploads\/2011\/02\/Celine-p1.jpg 400w, https:\/\/www.clairebouilhac.com\/wp-content\/uploads\/2011\/02\/Celine-p1-227x300.jpg 227w\" sizes=\"(max-width: 400px) 100vw, 400px\" \/><\/p>\n<p>&nbsp;<\/p>\n<p>&nbsp;<\/p>\n<p>&nbsp;<\/p>\n<p>&nbsp;<\/p>\n<p>&nbsp;<\/p>\n<p>&nbsp;<\/p>\n<p>&nbsp;<\/p>\n<p>&nbsp;<\/p>\n<p>&nbsp;<\/p>\n<p>&nbsp;<\/p>\n<p>&nbsp;<\/p>\n<p>&nbsp;<\/p>\n<p>&nbsp;<\/p>\n<p>&nbsp;<\/p>\n<p>&nbsp;<\/p>\n<p>&nbsp;<\/p>\n<p>&nbsp;<\/p>\n<p>&nbsp;<\/p>\n<p>&nbsp;<\/p>\n<p>&nbsp;<\/p>\n<p><strong>Le tome 3, dans lequel j&rsquo;ai fait une illustration,<br \/>\n<\/strong><strong>est sorti le 28 f\u00e9vrier 2013.<\/strong><\/p>\n<p><strong><br \/>\n<a href=\"https:\/\/www.clairebouilhac.com\/wp-content\/uploads\/2011\/02\/enCheminT3.jpg\"><img loading=\"lazy\" class=\"size-full wp-image-3202 alignleft\" title=\"enCheminT3\" src=\"https:\/\/www.clairebouilhac.com\/wp-content\/uploads\/2011\/02\/enCheminT3.jpg\" alt=\"\" width=\"400\" height=\"536\" srcset=\"https:\/\/www.clairebouilhac.com\/wp-content\/uploads\/2011\/02\/enCheminT3.jpg 400w, https:\/\/www.clairebouilhac.com\/wp-content\/uploads\/2011\/02\/enCheminT3-223x300.jpg 223w\" sizes=\"(max-width: 400px) 100vw, 400px\" \/><\/a><\/strong><\/p>\n<p>&nbsp;<\/p>\n<p>&nbsp;<\/p>\n<p>&nbsp;<\/p>\n<p>&nbsp;<\/p>\n<p>&nbsp;<\/p>\n<p>&nbsp;<\/p>\n<p>&nbsp;<\/p>\n<p>&nbsp;<\/p>\n<p>&nbsp;<\/p>\n<p>&nbsp;<\/p>\n<p>&nbsp;<\/p>\n<p>&nbsp;<\/p>\n<p>&nbsp;<\/p>\n<p>&nbsp;<\/p>\n<p>&nbsp;<\/p>\n<p>&nbsp;<\/p>\n<p>&nbsp;<\/p>\n<p>&nbsp;<\/p>\n<p>&nbsp;<\/p>\n<p>&nbsp;<\/p>\n<p>&nbsp;<\/p>\n<p><a href=\"https:\/\/www.clairebouilhac.com\/wp-content\/uploads\/2011\/02\/enCheminHF-biblio.jpg\"><img loading=\"lazy\" class=\"size-full wp-image-3218 alignnone\" title=\"enCheminHF biblio\" src=\"https:\/\/www.clairebouilhac.com\/wp-content\/uploads\/2011\/02\/enCheminHF-biblio.jpg\" alt=\"\" width=\"400\" height=\"598\" srcset=\"https:\/\/www.clairebouilhac.com\/wp-content\/uploads\/2011\/02\/enCheminHF-biblio.jpg 400w, https:\/\/www.clairebouilhac.com\/wp-content\/uploads\/2011\/02\/enCheminHF-biblio-200x300.jpg 200w\" sizes=\"(max-width: 400px) 100vw, 400px\" \/><\/a><\/p>\n<p>&nbsp;<\/p>\n<p>&nbsp;<\/p>\n<p>&nbsp;<\/p>\n<p>&nbsp;<\/p>\n<p>&nbsp;<\/p>\n<p>&nbsp;<\/p>\n<p style=\"text-align: left;\">Le site des \u00e9ditions <a href=\"http:\/\/www.desrondsdanslo.com\/EnChemin2.html\" target=\"_blank\">des ronds dans l&rsquo;O<\/a><\/p>\n","protected":false},"excerpt":{"rendered":"<p>collectif &#8211; Des Ronds dans l&rsquo;O Ce qui m&rsquo;a pouss\u00e9e \u00e0 participer \u00e0 \u00ab\u00a0En chemin elle rencontre\u2026\u00a0\u00bb est un parcours logique, en plusieurs \u00e9tapes. Lorsque j&rsquo;ai rencontr\u00e9 Marie, le 1er tome venait de sortir. J&rsquo;ai trouv\u00e9 l&rsquo;id\u00e9e belle. Jusqu&rsquo;\u00e0 pr\u00e9sent, la chance a \u00e9t\u00e9 avec moi, mais je suis touch\u00e9e par la violence faite aux [&hellip;]<\/p>\n","protected":false},"author":1,"featured_media":0,"parent":1851,"menu_order":0,"comment_status":"open","ping_status":"open","template":"","meta":[],"aioseo_notices":[],"_links":{"self":[{"href":"https:\/\/www.clairebouilhac.com\/index.php?rest_route=\/wp\/v2\/pages\/2088"}],"collection":[{"href":"https:\/\/www.clairebouilhac.com\/index.php?rest_route=\/wp\/v2\/pages"}],"about":[{"href":"https:\/\/www.clairebouilhac.com\/index.php?rest_route=\/wp\/v2\/types\/page"}],"author":[{"embeddable":true,"href":"https:\/\/www.clairebouilhac.com\/index.php?rest_route=\/wp\/v2\/users\/1"}],"replies":[{"embeddable":true,"href":"https:\/\/www.clairebouilhac.com\/index.php?rest_route=%2Fwp%2Fv2%2Fcomments&post=2088"}],"version-history":[{"count":23,"href":"https:\/\/www.clairebouilhac.com\/index.php?rest_route=\/wp\/v2\/pages\/2088\/revisions"}],"predecessor-version":[{"id":3226,"href":"https:\/\/www.clairebouilhac.com\/index.php?rest_route=\/wp\/v2\/pages\/2088\/revisions\/3226"}],"up":[{"embeddable":true,"href":"https:\/\/www.clairebouilhac.com\/index.php?rest_route=\/wp\/v2\/pages\/1851"}],"wp:attachment":[{"href":"https:\/\/www.clairebouilhac.com\/index.php?rest_route=%2Fwp%2Fv2%2Fmedia&parent=2088"}],"curies":[{"name":"wp","href":"https:\/\/api.w.org\/{rel}","templated":true}]}}