{"id":4669,"date":"2015-09-18T18:48:05","date_gmt":"2015-09-18T16:48:05","guid":{"rendered":"http:\/\/www.clairebouilhac.com\/?page_id=4669"},"modified":"2017-10-09T11:51:22","modified_gmt":"2017-10-09T09:51:22","slug":"chroniques-adieu-kharkov","status":"publish","type":"page","link":"https:\/\/www.clairebouilhac.com\/?page_id=4669","title":{"rendered":"\u2022\u2022\u2022 ADIEU KHARKOV \u2022\u2022\u2022"},"content":{"rendered":"<p><strong>\u2022\u2022\u2022\u00a0<span style=\"font-family: sans-serif;\"><a href=\"https:\/\/branchesculture.com\/2015\/09\/16\/mylene-demongeot-actrice-de-bd-et-de-vie-sous-le-crayon-de-bouilhac-et-catel\/\" target=\"_blank\">BRANCH\u00c9S CULTURE<\/a><\/span><\/strong><\/p>\n<header class=\"entry-header\">\n<h1 class=\"entry-title\">Myl\u00e8ne Demongeot, actrice de BD et de vie sous le crayon de Bouilhac et\u00a0Catel<\/h1>\n<\/header>\n<div class=\"entry-content\">\n<p><strong>Comment conqu\u00e9rir la libert\u00e9? Vaste question, qu\u2019on soit issu du petit peuple ou qu\u2019on appartienne au monde du star-syst\u00e8me. Myl\u00e8ne Demongeot, elle, est pass\u00e9e des deux c\u00f4t\u00e9s du miroir, d\u2019une enfance pas facile\u00a0\u00e0 la gloire apport\u00e9e par des films tels <em>les Sorci\u00e8res de Salem<\/em>, <em>Bonjour Tristesse<\/em> ou plus r\u00e9cemment (et en second \u00e9lan apr\u00e8s une pause), <em>36, Quai des Orf\u00e8vres<\/em> et\u00a0<em>Camping<\/em>. <em>Adieu Kharkov<\/em>, c\u2019est l\u2019histoire de sa vie et, surtout, de celle de sa maman,\u00a0mise en cases, en dialogue et en perspectives par deux auteurs bourr\u00e9es de talent, Catel et Bouilhac qui donnent une r\u00e9elle puissance au(x) r\u00e9cit(s) qu\u2019elles racontent.<\/strong><\/p>\n<\/div>\n<p><strong>\u2022\u2022\u2022\u00a0<span style=\"font-family: sans-serif;\"><a href=\"http:\/\/www.axellemag.be\/fr\/\" target=\"_blank\">AXELLE MAG<\/a><\/span><\/strong><\/p>\n<p><a href=\"https:\/\/www.clairebouilhac.com\/wp-content\/uploads\/2015\/09\/bd-axelle-187-37.jpg\"><img loading=\"lazy\" class=\"alignnone size-full wp-image-5072\" src=\"https:\/\/www.clairebouilhac.com\/wp-content\/uploads\/2015\/09\/bd-axelle-187-37.jpg\" alt=\"bd axelle 187 37\" width=\"500\" height=\"676\" srcset=\"https:\/\/www.clairebouilhac.com\/wp-content\/uploads\/2015\/09\/bd-axelle-187-37.jpg 500w, https:\/\/www.clairebouilhac.com\/wp-content\/uploads\/2015\/09\/bd-axelle-187-37-222x300.jpg 222w\" sizes=\"(max-width: 500px) 100vw, 500px\" \/><\/a><\/p>\n<p><strong>\u2022\u2022\u2022\u00a0<span style=\"font-family: sans-serif;\"><a href=\"http:\/\/petiteslectures.com\/adieu-kharkov-mylene-demongeot-bouilhac-catel\/\" target=\"_blank\">LES PETITES LECTURES DE SCARLETT<\/a><br \/>\n<\/span><\/strong><\/p>\n<p><a href=\"https:\/\/www.clairebouilhac.com\/wp-content\/uploads\/2015\/09\/BD-scarlett.jpg\"><img loading=\"lazy\" class=\"alignnone size-full wp-image-4881\" src=\"https:\/\/www.clairebouilhac.com\/wp-content\/uploads\/2015\/09\/BD-scarlett.jpg\" alt=\"BD scarlett\" width=\"500\" height=\"76\" srcset=\"https:\/\/www.clairebouilhac.com\/wp-content\/uploads\/2015\/09\/BD-scarlett.jpg 500w, https:\/\/www.clairebouilhac.com\/wp-content\/uploads\/2015\/09\/BD-scarlett-300x46.jpg 300w\" sizes=\"(max-width: 500px) 100vw, 500px\" \/><\/a><\/p>\n<p>\u00ab\u00a0Une belle r\u00e9ussite, un portrait de femmes marquant que je recommande chaleureusement !!!\u00a0\u00bb<\/p>\n<p><em><a href=\"http:\/\/petiteslectures.com\/adieu-kharkov-mylene-demongeot-bouilhac-catel\/\" target=\"_blank\">Tout l&rsquo;article ici.<\/a><\/em><\/p>\n<p><em><strong>\u2022\u2022\u2022\u00a0<span style=\"font-family: sans-serif;\"><a href=\"http:\/\/www.rtbf.be\/culture\/article\/detail_adieu-kharkov-jacques-schrauwen?id=9166096\" target=\"_blank\">RTBF<\/a><\/span><\/strong><\/em><\/p>\n<p><a href=\"https:\/\/www.clairebouilhac.com\/wp-content\/uploads\/2015\/09\/BD-myl-RTBF.jpg\"><img loading=\"lazy\" class=\"alignnone size-full wp-image-4874\" src=\"https:\/\/www.clairebouilhac.com\/wp-content\/uploads\/2015\/09\/BD-myl-RTBF.jpg\" alt=\"BD myl RTBF\" width=\"500\" height=\"281\" srcset=\"https:\/\/www.clairebouilhac.com\/wp-content\/uploads\/2015\/09\/BD-myl-RTBF.jpg 500w, https:\/\/www.clairebouilhac.com\/wp-content\/uploads\/2015\/09\/BD-myl-RTBF-300x169.jpg 300w\" sizes=\"(max-width: 500px) 100vw, 500px\" \/><\/a><\/p>\n<p>Au d\u00e9part, il y a un livre, un \u00a0\u00bb presque-roman \u00a0\u00bb de la com\u00e9dienne Myl\u00e8ne Demongeot, parlant de sa m\u00e8re. Son adaptation en bande dessin\u00e9e s\u2019ouvre aussi sur la vie de l\u2018actrice, sur le vingti\u00e8me si\u00e8cle, un si\u00e8cle qui a vu les droits de la femme devenir de plus en plus une r\u00e9alit\u00e9.<\/p>\n<p><em><a href=\"http:\/\/www.rtbf.be\/culture\/article\/detail_adieu-kharkov-jacques-schrauwen?id=9166096\" target=\"_blank\">Tout l&rsquo;article ici.<\/a><\/em><\/p>\n<p><strong>\u2022\u2022\u2022\u00a0<span style=\"font-family: sans-serif;\"><a href=\"https:\/\/associationartemisia.wordpress.com\/\" target=\"_blank\">ASSOCIATION ART\u00c9MISIA<\/a><\/span><\/strong><\/p>\n<p><strong>Dans le communiqu\u00e9 d&rsquo;Art\u00e9misia apr\u00e8s que le jury s\u2019est r\u00e9uni hier autour d\u2019une vingtaine d\u2019ouvrages pour le prix 2016 :<\/strong><\/p>\n<p>Nous signalons \u00e9galement la publication de l\u2019album Adieu Kharkov, T. 1 dessin\u00e9 et mis en sc\u00e8ne par deux femmes de talent et d\u2019un tr\u00e8s grand professionnalisme, Catel Muller et Claire Bouilhac, dont les styles pour cette occasion s\u2019\u00e9pousent \u00e0 \u00a0la perfection. Ce livre autobiographique, d\u2019une grande richesse visuelle et romanesque, est tir\u00e9 d\u2019un r\u00e9cit \u00e9crit par la c\u00e9l\u00e8bre actrice Myl\u00e8ne Demongeot \u00a0qui pose \u00a0sur sa propre histoire \u00a0et celle des siens \u00a0(de l\u2019Ukraine \u00e0 la France du Sud en passant par la Chine! ) un regard distanci\u00e9 mais tr\u00e8s tendre.<br \/>\nCe bon album au f\u00e9minin pluriel est publi\u00e9 dans la collection Aire Libre des \u00e9ditions Dupuis.<\/p>\n<p><strong>Le nom de la laur\u00e9ate du prix Art\u00e9misia sera annonc\u00e9 comme chaque ann\u00e9e le 9 janvier, date anniversaire de la naissance de Simone de Beauvoir.<\/strong><\/p>\n<p><strong>\u2022\u2022\u2022\u00a0<span style=\"font-family: sans-serif;\"><a href=\"http:\/\/www.franceinter.fr\/player\/reecouter?play=1191223\" target=\"_blank\">FRANCE INTER<\/a><\/span><\/strong><\/p>\n<p>Le 22 novembre\u00a02015, dans l&rsquo;\u00e9mission\u00a0<a href=\"http:\/\/www.franceinter.fr\/player\/reecouter?play=1191223\" target=\"_blank\">POP FICTION, sur France Inter<\/a>,\u00a0<strong>\u00a0Ali Rebeihi re\u00e7oit\u00a0<span class=\"field-content\">Olivier Delcroix, Didier Pasamonik, Christophe Levent et Thibaut de Saint-Maurice.<\/span><\/strong><\/p>\n<p><a href=\"http:\/\/www.franceinter.fr\/player\/reecouter?play=1191223\" target=\"_blank\"><img loading=\"lazy\" class=\"alignnone size-full wp-image-4839\" src=\"https:\/\/www.clairebouilhac.com\/wp-content\/uploads\/2015\/11\/BD-Pop-fiction-Fr-INTER.jpg\" alt=\"BD Pop fiction Fr INTER\" width=\"500\" height=\"175\" srcset=\"https:\/\/www.clairebouilhac.com\/wp-content\/uploads\/2015\/11\/BD-Pop-fiction-Fr-INTER.jpg 500w, https:\/\/www.clairebouilhac.com\/wp-content\/uploads\/2015\/11\/BD-Pop-fiction-Fr-INTER-300x105.jpg 300w\" sizes=\"(max-width: 500px) 100vw, 500px\" \/><\/a><\/p>\n<p>(de 24:40 \u00e0 28:00)<\/p>\n<p><strong>\u2022\u2022\u2022\u00a0<span style=\"font-family: sans-serif;\"><a href=\"http:\/\/www.lesoir.be\/102446\/soirmag\" target=\"_blank\">LE SOIR MAG<\/a><\/span><\/strong><\/p>\n<p>Tout l&rsquo;article ici :\u00a0<a href=\"https:\/\/www.clairebouilhac.com\/wp-content\/uploads\/2015\/09\/KarkhovSoir-mag.pdf\">Karkhov:Soir mag<\/a><\/p>\n<p><strong>\u2022\u2022\u2022\u00a0<span style=\"font-family: sans-serif;\"><a href=\"https:\/\/madmagz.com\/fr\/magazine\/597042#\/page\/18\" target=\"_blank\">WORLD&rsquo;S VELYN<\/a><\/span><\/strong><\/p>\n<p><a href=\"https:\/\/www.clairebouilhac.com\/wp-content\/uploads\/2015\/09\/BD-worlds-velyn.jpg\"><img loading=\"lazy\" class=\"alignnone size-full wp-image-4806\" src=\"https:\/\/www.clairebouilhac.com\/wp-content\/uploads\/2015\/09\/BD-worlds-velyn.jpg\" alt=\"BD world's velyn\" width=\"500\" height=\"706\" srcset=\"https:\/\/www.clairebouilhac.com\/wp-content\/uploads\/2015\/09\/BD-worlds-velyn.jpg 500w, https:\/\/www.clairebouilhac.com\/wp-content\/uploads\/2015\/09\/BD-worlds-velyn-212x300.jpg 212w\" sizes=\"(max-width: 500px) 100vw, 500px\" \/><\/a><\/p>\n<p>&nbsp;<\/p>\n<p><a href=\"https:\/\/madmagz.com\/fr\/magazine\/597042#\/page\/18\" target=\"_blank\">Lire ici l&rsquo;article<\/a><\/p>\n<p>Et <a href=\"https:\/\/madmagz.com\/fr\/magazine\/597042#\/page\/10\" target=\"_blank\">ICI l&rsquo;article complet sur Myl\u00e8ne dans l&rsquo;\u0153il de Coste<\/a><\/p>\n<p>&nbsp;<\/p>\n<p>&nbsp;<\/p>\n<p>&nbsp;<\/p>\n<p><strong>\u2022\u2022\u2022\u00a0<span style=\"font-family: sans-serif;\"><a href=\"http:\/\/magazines.airfrance.com\" target=\"_blank\">AIR FRANCE MADAME<\/a><\/span><\/strong><\/p>\n<p><a href=\"https:\/\/www.clairebouilhac.com\/wp-content\/uploads\/2015\/09\/bd-2015-10-271394-AIRFRANCEMADAME.jpg\"><img loading=\"lazy\" class=\"alignnone size-full wp-image-4799\" src=\"https:\/\/www.clairebouilhac.com\/wp-content\/uploads\/2015\/09\/bd-2015-10-271394-AIRFRANCEMADAME.jpg\" alt=\"bd 2015-10-27~1394-AIRFRANCEMADAME\" width=\"500\" height=\"382\" srcset=\"https:\/\/www.clairebouilhac.com\/wp-content\/uploads\/2015\/09\/bd-2015-10-271394-AIRFRANCEMADAME.jpg 500w, https:\/\/www.clairebouilhac.com\/wp-content\/uploads\/2015\/09\/bd-2015-10-271394-AIRFRANCEMADAME-300x229.jpg 300w\" sizes=\"(max-width: 500px) 100vw, 500px\" \/><\/a><\/p>\n<p><a href=\"https:\/\/www.clairebouilhac.com\/wp-content\/uploads\/2015\/09\/bd-2015-10-271394AIRFRANCEMADAME.pdf\">bd 2015-10-27~1394AIRFRANCEMADAME<\/a><\/p>\n<p>&nbsp;<\/p>\n<p>&nbsp;<\/p>\n<p><strong>\u2022\u2022\u2022\u00a0<span style=\"font-family: sans-serif;\"><a href=\"http:\/\/www.laliberte.ch\/news\/les-chroniques-d-une-vie-exceptionnelle-301594#.VhQHCUvb2Io\" target=\"_blank\">LA LIBERT\u00c9<\/a><\/span><\/strong><\/p>\n<p><a href=\"http:\/\/www.laliberte.ch\/news\/les-chroniques-d-une-vie-exceptionnelle-301594#.VhQHCUvb2Io\" target=\"_blank\"><img loading=\"lazy\" class=\"alignnone size-full wp-image-4758\" src=\"https:\/\/www.clairebouilhac.com\/wp-content\/uploads\/2015\/09\/BD-la-liberte.jpg\" alt=\"BD la liberte\" width=\"500\" height=\"85\" srcset=\"https:\/\/www.clairebouilhac.com\/wp-content\/uploads\/2015\/09\/BD-la-liberte.jpg 500w, https:\/\/www.clairebouilhac.com\/wp-content\/uploads\/2015\/09\/BD-la-liberte-300x51.jpg 300w\" sizes=\"(max-width: 500px) 100vw, 500px\" \/><\/a><\/p>\n<p>&nbsp;<\/p>\n<p>\u00abAdieu Kharkov\u00bb est une v\u00e9ritable \u0153uvre d\u2019art qui se lit d\u2019une traite, malgr\u00e9 l\u2019importance du volume. Le lecteur est captiv\u00e9 par l\u2019histoire tourbillonnante de Klavdia et son \u0153il ravi par les talentueux dessins de Catel et Bouilhac. Un \u00abmust-have\u00bb, assur\u00e9ment.<\/p>\n<p><strong><a href=\"http:\/\/www.laliberte.ch\/news\/les-chroniques-d-une-vie-exceptionnelle-301594#.VhQHCUvb2Io\" target=\"_blank\">Tout l&rsquo;article ICI<\/a><\/strong><\/p>\n<p>&nbsp;<\/p>\n<p><strong>\u2022\u2022\u2022\u00a0<a href=\"http:\/\/www.franceinfo.fr\/emission\/tout-et-son-contraire\/2015-2016\/mylene-demongeot-j-ai-toujours-voulu-etre-libre-et-j-ai-toujours-ete-esclave-02-10-2015\"><span style=\"font-family: sans-serif;\">FRANCE INFO<\/span><\/a><\/strong><\/p>\n<p>&nbsp;<\/p>\n<p><iframe loading=\"lazy\" src=\"https:\/\/tcplayer.radiofrance.fr\/tc-player\/embed\/fo-1661549?type=externe\" width=\"481\" height=\"auto\" frameborder=\"0\" scrolling=\"no\"><\/iframe><\/p>\n<p>Myl\u00e8ne Demongeot vient de publier un roman graphique : \u00ab\u00a0Adieu Kharkov\u00a0\u00bb (quelque chose entre le roman et la bande dessin\u00e9e). Cela raconte l\u2019histoire de sa m\u00e8re, Claudia.<\/p>\n<p>La pr\u00e9face est sign\u00e9e Pierre Richard. Il \u00e9crit : \u00ab\u00a0Myl\u00e8ne Demongeot a tourn\u00e9 des sacr\u00e9s films, avec des sacr\u00e9s acteurs, mais le plus \u00e9tonnant, le plus romanesque, c\u2019est quand m\u00eame sa vie\u00a0\u00bb.<\/p>\n<p><strong>\u2022\u2022\u2022\u00a0<span style=\"font-family: sans-serif;\">REVUE DE PRESSE<\/span><\/strong><\/p>\n<p><a href=\"https:\/\/www.clairebouilhac.com\/wp-content\/uploads\/2015\/09\/Adieu-Karkhov.pdf\">Adieu Karkhov<\/a><\/p>\n<p><strong>\u2022\u2022\u2022\u00a0<a href=\"http:\/\/www.france2.fr\/emissions\/telematin\/diffusions\/05-10-2015_421703\" target=\"_blank\"><span style=\"font-family: sans-serif;\">FRANCE\u00a02\u00a0T\u00c9L\u00c9 MATIN<\/span><\/a><\/strong><\/p>\n<p><a href=\"http:\/\/www.france2.fr\/emissions\/telematin\/diffusions\/05-10-2015_421703\" target=\"_blank\"><img loading=\"lazy\" class=\"alignnone size-full wp-image-4722\" src=\"https:\/\/www.clairebouilhac.com\/wp-content\/uploads\/2015\/09\/BD-TELE-MATIN.jpg\" alt=\"BD TELE MATIN\" width=\"500\" height=\"421\" srcset=\"https:\/\/www.clairebouilhac.com\/wp-content\/uploads\/2015\/09\/BD-TELE-MATIN.jpg 500w, https:\/\/www.clairebouilhac.com\/wp-content\/uploads\/2015\/09\/BD-TELE-MATIN-300x253.jpg 300w\" sizes=\"(max-width: 500px) 100vw, 500px\" \/><\/a><\/p>\n<p>Henry-Jean Servat parle d&rsquo;ADIEU KHARKOV dans T\u00e9l\u00e9 Matin, carr\u00e9 VIP, \u00e0 l&rsquo;occasion d&rsquo;un reportage sur Myl\u00e8ne Demongeot\u200b.<\/p>\n<p>&nbsp;<\/p>\n<p>&nbsp;<\/p>\n<p><strong>\u2022\u2022\u2022 <a href=\"http:\/\/www.levif.be\/actualite\/auteurs\/le-vif-weekend-129.html\" target=\"_blank\">LE VIF &#8211; LE WEEK-END<\/a><\/strong><\/p>\n<p><a href=\"https:\/\/www.clairebouilhac.com\/wp-content\/uploads\/2015\/09\/bd-le-vif-AK.jpg\"><img loading=\"lazy\" class=\"alignnone size-full wp-image-4815\" src=\"https:\/\/www.clairebouilhac.com\/wp-content\/uploads\/2015\/09\/bd-le-vif-AK.jpg\" alt=\"bd le vif AK\" width=\"500\" height=\"1364\" srcset=\"https:\/\/www.clairebouilhac.com\/wp-content\/uploads\/2015\/09\/bd-le-vif-AK.jpg 500w, https:\/\/www.clairebouilhac.com\/wp-content\/uploads\/2015\/09\/bd-le-vif-AK-110x300.jpg 110w, https:\/\/www.clairebouilhac.com\/wp-content\/uploads\/2015\/09\/bd-le-vif-AK-375x1024.jpg 375w\" sizes=\"(max-width: 500px) 100vw, 500px\" \/><\/a><\/p>\n<p><span class=\"Apple-style-span\">Le Vif le Week-end N\u00b039 du 25 septembre au 1er octobre 2015<br \/>\nNum\u00e9ro sp\u00e9cial \u00ab JEANS \u00bb<\/span><\/p>\n<p>&nbsp;<\/p>\n<p><strong>\u2022\u2022\u2022 <a href=\"http:\/\/m.france3-regions.francetvinfo.fr\/pays-de-la-loire\/chatelain-la-vie-de-l-actrice-mylene-demongeot-en-bd-813535.html\" target=\"_blank\"><span class=\"Apple-style-span\"><span style=\"font-family: sans-serif;\">FRANCE 3 PAYS DE LOIRE<\/span><\/span><\/a><\/strong><\/p>\n<p><a href=\"https:\/\/www.clairebouilhac.com\/wp-content\/uploads\/2015\/09\/FR3.jpg\"><img loading=\"lazy\" class=\"alignnone size-full wp-image-4706\" src=\"https:\/\/www.clairebouilhac.com\/wp-content\/uploads\/2015\/09\/FR3.jpg\" alt=\"FR3\" width=\"500\" height=\"131\" srcset=\"https:\/\/www.clairebouilhac.com\/wp-content\/uploads\/2015\/09\/FR3.jpg 500w, https:\/\/www.clairebouilhac.com\/wp-content\/uploads\/2015\/09\/FR3-300x79.jpg 300w\" sizes=\"(max-width: 500px) 100vw, 500px\" \/><\/a><\/p>\n<p><strong>\u2022\u2022\u2022 <a href=\"http:\/\/www.7alimoges.tv\/BD7-le-mag-n-39_v3085.html\" target=\"_blank\"><span class=\"Apple-style-span\"><span style=\"font-family: sans-serif;\">BD7\u00a0LE MAG<\/span><\/span><\/a><\/strong><\/p>\n<p><a href=\"http:\/\/www.7alimoges.tv\/BD7-le-mag-n-39_v3085.html\" target=\"_blank\"><img loading=\"lazy\" class=\"alignnone size-full wp-image-4701\" src=\"https:\/\/www.clairebouilhac.com\/wp-content\/uploads\/2015\/09\/BD7.jpg\" alt=\"BD7\" width=\"500\" height=\"283\" srcset=\"https:\/\/www.clairebouilhac.com\/wp-content\/uploads\/2015\/09\/BD7.jpg 500w, https:\/\/www.clairebouilhac.com\/wp-content\/uploads\/2015\/09\/BD7-300x170.jpg 300w\" sizes=\"(max-width: 500px) 100vw, 500px\" \/><\/a><\/p>\n<p><a href=\"http:\/\/www.7alimoges.tv\/BD7-le-mag-n-39_v3085.html\" target=\"_blank\"><img loading=\"lazy\" class=\"alignnone size-full wp-image-4700\" src=\"https:\/\/www.clairebouilhac.com\/wp-content\/uploads\/2015\/09\/BD7-AK.jpg\" alt=\"BD7 AK\" width=\"500\" height=\"280\" srcset=\"https:\/\/www.clairebouilhac.com\/wp-content\/uploads\/2015\/09\/BD7-AK.jpg 500w, https:\/\/www.clairebouilhac.com\/wp-content\/uploads\/2015\/09\/BD7-AK-300x168.jpg 300w\" sizes=\"(max-width: 500px) 100vw, 500px\" \/>\u00a0<\/a><\/p>\n<p><strong><span class=\"Apple-style-span\">L\u2019\u00e9mission TV mensuelle sur la BD\u00a0 de la cha\u00eene locale\u00a0<span style=\"font-family: sans-serif;\">\u00ab\u00a07 \u00e0 Limoges<\/span><\/span><\/strong><\/p>\n<p>&nbsp;<\/p>\n<p><strong>\u2022\u2022\u2022<a href=\"http:\/\/www.lexpress.fr\/styles\/\" target=\"_blank\">\u00a0L&rsquo;EXPRESS STYLES<\/a><\/strong><\/p>\n<p><a href=\"https:\/\/www.clairebouilhac.com\/wp-content\/uploads\/2015\/09\/article-express-styles.jpg\"><img loading=\"lazy\" class=\"alignnone size-full wp-image-4695\" src=\"https:\/\/www.clairebouilhac.com\/wp-content\/uploads\/2015\/09\/article-express-styles.jpg\" alt=\"article express styles\" width=\"500\" height=\"337\" srcset=\"https:\/\/www.clairebouilhac.com\/wp-content\/uploads\/2015\/09\/article-express-styles.jpg 500w, https:\/\/www.clairebouilhac.com\/wp-content\/uploads\/2015\/09\/article-express-styles-300x202.jpg 300w\" sizes=\"(max-width: 500px) 100vw, 500px\" \/><\/a><\/p>\n<p><strong>\u2022\u2022\u2022<a href=\"http:\/\/www.dna.fr\" target=\"_blank\">\u00a0LES DERNI\u00c8RES NOUVELLES D&rsquo;ALSACE<\/a><\/strong><\/p>\n<p><a href=\"https:\/\/www.clairebouilhac.com\/wp-content\/uploads\/2015\/09\/Derni\u00e8re-Nouvelles-dAlsace19-09-2015.jpg\"><img loading=\"lazy\" class=\"alignnone size-full wp-image-4693\" src=\"https:\/\/www.clairebouilhac.com\/wp-content\/uploads\/2015\/09\/Derni\u00e8re-Nouvelles-dAlsace19-09-2015.jpg\" alt=\"Derni\u00e8re Nouvelles d'Alsace19-09-2015\" width=\"500\" height=\"376\" srcset=\"https:\/\/www.clairebouilhac.com\/wp-content\/uploads\/2015\/09\/Derni\u00e8re-Nouvelles-dAlsace19-09-2015.jpg 500w, https:\/\/www.clairebouilhac.com\/wp-content\/uploads\/2015\/09\/Derni\u00e8re-Nouvelles-dAlsace19-09-2015-300x226.jpg 300w\" sizes=\"(max-width: 500px) 100vw, 500px\" \/><\/a><\/p>\n<p>&nbsp;<\/p>\n<p><strong>\u2022\u2022\u2022\u00a0<a href=\"http:\/\/www.bdgest.com\/chronique-6836-BD-Adieu-Kharkov-Adieu-Kharkov.html?_ga=1.104430019.237525961.1442761961\" target=\"_blank\">BD GEST.COM<\/a><\/strong><\/p>\n<p><a href=\"http:\/\/www.bdgest.com\/\" target=\"_blank\"><img loading=\"lazy\" class=\"alignnone size-full wp-image-4720\" src=\"https:\/\/www.clairebouilhac.com\/wp-content\/uploads\/2015\/09\/BDGEST.jpg\" alt=\"BDGEST\" width=\"500\" height=\"185\" srcset=\"https:\/\/www.clairebouilhac.com\/wp-content\/uploads\/2015\/09\/BDGEST.jpg 500w, https:\/\/www.clairebouilhac.com\/wp-content\/uploads\/2015\/09\/BDGEST-300x111.jpg 300w\" sizes=\"(max-width: 500px) 100vw, 500px\" \/><\/a><\/p>\n<p>Claudia Troubnikova et Myl\u00e8ne Demongeot, Catel et Claire Bouilhac proposent avec\u00a0<i>Adieu Kharkov<\/i>\u00a0un nouveau portrait de femme marquant impeccablement r\u00e9alis\u00e9.<\/p>\n<p><strong>\u2022\u2022\u2022\u00a0<a href=\"https:\/\/www.clairebouilhac.com\/wp-content\/uploads\/2015\/08\/Demongeot-Catel-Bouilhac-Adieu-Kharkov-TG-19.09.15.pdf\" target=\"_blank\">LA TRIBUNE DE GEN\u00c8VE<\/a><\/strong><\/p>\n<p><a href=\"https:\/\/www.clairebouilhac.com\/wp-content\/uploads\/2015\/08\/Demongeot-Catel-Bouilhac-Adieu-Kharkov-TG-19.09.15.pdf\">Demongeot Catel Bouilhac Adieu Kharkov TG 19.09.15<\/a><\/p>\n<p><a href=\"https:\/\/www.clairebouilhac.com\/wp-content\/uploads\/2015\/08\/Demongeot-Catel-Bouilhac-Adieu-Kharkov-TG-19.09.15.pdf\" target=\"_blank\"><img loading=\"lazy\" class=\"alignnone size-full wp-image-4684\" src=\"https:\/\/www.clairebouilhac.com\/wp-content\/uploads\/2015\/09\/Demongeot-Catel-Bouilhac-Adieu-Kharkov-TG-19.09.jpg\" alt=\"TG6VC1909P034P0\" width=\"500\" height=\"394\" srcset=\"https:\/\/www.clairebouilhac.com\/wp-content\/uploads\/2015\/09\/Demongeot-Catel-Bouilhac-Adieu-Kharkov-TG-19.09.jpg 500w, https:\/\/www.clairebouilhac.com\/wp-content\/uploads\/2015\/09\/Demongeot-Catel-Bouilhac-Adieu-Kharkov-TG-19.09-300x236.jpg 300w\" sizes=\"(max-width: 500px) 100vw, 500px\" \/><\/a><\/p>\n<p>&nbsp;<\/p>\n<p><strong>\u2022\u2022\u2022\u00a0<a href=\"http:\/\/www.leparisien.fr\/espace-premium\/pdf-interactif\/aujourdhui-en-france.php?date=20150917\" target=\"_blank\">LE\u00a0PARISIEN \/ AUJOURD&rsquo;HUI EN FRANCE<\/a><\/strong><\/p>\n<p><img loading=\"lazy\" class=\"alignnone size-full wp-image-4688\" src=\"https:\/\/www.clairebouilhac.com\/wp-content\/uploads\/2015\/09\/le-parisien-entete.jpeg\" alt=\"le parisien entete\" width=\"500\" height=\"206\" srcset=\"https:\/\/www.clairebouilhac.com\/wp-content\/uploads\/2015\/09\/le-parisien-entete.jpeg 500w, https:\/\/www.clairebouilhac.com\/wp-content\/uploads\/2015\/09\/le-parisien-entete-300x124.jpeg 300w\" sizes=\"(max-width: 500px) 100vw, 500px\" \/><\/p>\n<p>&nbsp;<\/p>\n<p><a href=\"https:\/\/www.clairebouilhac.com\/wp-content\/uploads\/2015\/09\/le-parisien-article.jpeg\"><img loading=\"lazy\" class=\"alignnone size-full wp-image-4687\" src=\"https:\/\/www.clairebouilhac.com\/wp-content\/uploads\/2015\/09\/le-parisien-article.jpeg\" alt=\"le parisien article\" width=\"500\" height=\"303\" srcset=\"https:\/\/www.clairebouilhac.com\/wp-content\/uploads\/2015\/09\/le-parisien-article.jpeg 500w, https:\/\/www.clairebouilhac.com\/wp-content\/uploads\/2015\/09\/le-parisien-article-300x182.jpeg 300w\" sizes=\"(max-width: 500px) 100vw, 500px\" \/><\/a><\/p>\n<p>&nbsp;<\/p>\n<p>&nbsp;<\/p>\n<p><a href=\"https:\/\/www.clairebouilhac.com\/wp-content\/uploads\/2015\/09\/parisien-auj-en-france.jpg\"><img loading=\"lazy\" class=\"alignnone size-full wp-image-4689\" src=\"https:\/\/www.clairebouilhac.com\/wp-content\/uploads\/2015\/09\/parisien-auj-en-france.jpg\" alt=\"parisien auj en france\" width=\"500\" height=\"327\" srcset=\"https:\/\/www.clairebouilhac.com\/wp-content\/uploads\/2015\/09\/parisien-auj-en-france.jpg 500w, https:\/\/www.clairebouilhac.com\/wp-content\/uploads\/2015\/09\/parisien-auj-en-france-300x196.jpg 300w\" sizes=\"(max-width: 500px) 100vw, 500px\" \/><\/a><\/p>\n<p>&nbsp;<\/p>\n<p>&nbsp;<\/p>\n<p><strong>\u2022\u2022\u2022\u00a0<a href=\"http:\/\/www.actuabd.com\/La-rentree-Dupuis-2015-un\" target=\"_blank\">ACTUABD<\/a><\/strong><\/p>\n<p>Dupuis avance en cette fin d\u2019ann\u00e9e avec un quadrige\u00a0: des best-sellers grand public (<i>Les Nombrils, Les Tuniques bleues, Michel Vaillant, Jeremiah, Seuls, Louca, Dad<\/i>&#8230;) du roman graphique contemporain (<i>Les \u00c9quinoxes<\/i>\u00a0de\u00a0<strong>Pedrosa<\/strong>,\u00a0<i>Adieu Karkhov<\/i>\u00a0de\u00a0<strong>Myl\u00e8ne Demongeot, Bouillac &amp; Catel<\/strong>&#8230; ),<\/p>\n<div><span class=\"Apple-style-span\" style=\"color: #333333; font-family: Verdana, Arial, Helvetica, sans-serif; font-size: xx-small;\">\u00a0<\/span><\/div>\n<div><span class=\"Apple-style-span\" style=\"color: #333333; font-family: Verdana, Arial, Helvetica, sans-serif; font-size: xx-small;\">(\u2026)<br \/>\n<\/span><\/div>\n<div>\n<div><\/div>\n<div>Morceau de choix et patrimoine<\/div>\n<div>Le morceau de choix de cette saison est sans conteste<i>Les Equinoxes<\/i>\u00a0de Cyril Pedrosa, un roman graphique d\u2019une beaut\u00e9 sid\u00e9rante sur lequel nous reviendrons, de m\u00eame que sur\u00a0<i>Adieu Karkhov\u00a0<\/i>de\u00a0<strong>Myl\u00e8ne Demongeot<\/strong>, cette grande actrice dont\u00a0<strong>Peyo<\/strong>\u00a0me confia un jour que c\u2019\u00e9tait elle et non l\u2019allumeuse de la Madrague qui avait inspir\u00e9 le physique du Golem de Gargamel,\u00a0<strong>La Schtroumpfette<\/strong>. Elle est aid\u00e9e dans l\u2019\u00e9vocation de cette ville de son enfance par deux dames de c\u0153ur\u00a0<strong>Claire Bouillac<\/strong>\u00a0&amp;\u00a0<strong>Catel<\/strong>.<\/div>\n<div><\/div>\n<\/div>\n<p><strong>\u2022\u2022\u2022\u00a0<a href=\"http:\/\/www.afp.com\/fr\/\" target=\"_blank\">AFP<\/a><\/strong><\/p>\n<p><a href=\"https:\/\/www.clairebouilhac.com\/wp-content\/uploads\/2015\/08\/papier-AFP.jpg\"><img loading=\"lazy\" class=\"alignnone size-full wp-image-4657\" src=\"https:\/\/www.clairebouilhac.com\/wp-content\/uploads\/2015\/08\/papier-AFP.jpg\" alt=\"Sans titre\" width=\"500\" height=\"709\" srcset=\"https:\/\/www.clairebouilhac.com\/wp-content\/uploads\/2015\/08\/papier-AFP.jpg 500w, https:\/\/www.clairebouilhac.com\/wp-content\/uploads\/2015\/08\/papier-AFP-212x300.jpg 212w\" sizes=\"(max-width: 500px) 100vw, 500px\" \/><\/a><\/p>\n<p>&nbsp;<\/p>\n<p><strong>\u2022\u2022\u2022\u00a0<a href=\"http:\/\/www.tsfjazz.com\/podcast-detail.php?id=20\" target=\"_blank\">TSF JAZZ<\/a><\/strong><\/p>\n<p>Les petits papiers de Laure Albernhe<br \/>\n15 septembre 2015<a href=\"http:\/\/www.tsfjazz.com\/pop-pcast.php?id=12254#.VfhZqK0FU58.facebook\" target=\"_blank\"><img loading=\"lazy\" class=\"alignnone size-full wp-image-4679\" src=\"https:\/\/www.clairebouilhac.com\/wp-content\/uploads\/2015\/09\/tsf-jazz.jpg\" alt=\"tsf jazz\" width=\"500\" height=\"184\" srcset=\"https:\/\/www.clairebouilhac.com\/wp-content\/uploads\/2015\/09\/tsf-jazz.jpg 500w, https:\/\/www.clairebouilhac.com\/wp-content\/uploads\/2015\/09\/tsf-jazz-300x110.jpg 300w\" sizes=\"(max-width: 500px) 100vw, 500px\" \/><\/a><\/p>\n<p>&nbsp;<\/p>\n<p>&nbsp;<\/p>\n<p><strong>\u2022\u2022\u2022\u00a0<a href=\"https:\/\/associationartemisia.wordpress.com\/\" target=\"_blank\">ASSOCIATION ART\u00c9MISIA<\/a><\/strong><\/p>\n<p><a href=\"https:\/\/www.clairebouilhac.com\/wp-content\/uploads\/2015\/08\/artemisia.jpg\"><img loading=\"lazy\" class=\"alignnone size-full wp-image-4647\" src=\"https:\/\/www.clairebouilhac.com\/wp-content\/uploads\/2015\/08\/artemisia.jpg\" alt=\"artemisia\" width=\"500\" height=\"91\" srcset=\"https:\/\/www.clairebouilhac.com\/wp-content\/uploads\/2015\/08\/artemisia.jpg 500w, https:\/\/www.clairebouilhac.com\/wp-content\/uploads\/2015\/08\/artemisia-300x55.jpg 300w\" sizes=\"(max-width: 500px) 100vw, 500px\" \/><\/a><\/p>\n<p>Nous signalons \u00e9galement la publication de l\u2019album Adieu Kharkov, T. 1 dessin\u00e9 et mis en sc\u00e8ne par deux femmes de talent et d\u2019un tr\u00e8s grand professionnalisme, Catel Muller et Claire Bouilhac, dont les styles pour cette occasion s\u2019\u00e9pousent \u00e0 \u00a0la perfection. Ce livre autobiographique, d\u2019une grande richesse visuelle et romanesque, est tir\u00e9 d\u2019un r\u00e9cit \u00e9crit par la c\u00e9l\u00e8bre actrice Myl\u00e8ne Demongeot \u00a0qui pose \u00a0sur sa propre histoire \u00a0et celle des siens \u00a0(de l\u2019Ukraine \u00e0 la France du Sud en passant par la Chine! ) un regard distanci\u00e9 mais tr\u00e8s tendre.<br \/>\nCe bon album au f\u00e9minin pluriel est publi\u00e9 dans la collection Aire Libre des \u00e9ditions Dupuis.<\/p>\n<p>&nbsp;<\/p>\n<p><strong>\u2022\u2022\u2022\u00a0<a href=\"http:\/\/labandedu9.fr\/article-adieu-kharkov-par-labandedu9-391.html\" target=\"_blank\">LA\u00a0BANDE DU 9eme ART<\/a><\/strong><\/p>\n<p><a href=\"https:\/\/www.clairebouilhac.com\/wp-content\/uploads\/2015\/08\/bande-9-art.jpg\"><img loading=\"lazy\" class=\"alignnone size-full wp-image-4631\" src=\"https:\/\/www.clairebouilhac.com\/wp-content\/uploads\/2015\/08\/bande-9-art.jpg\" alt=\"bande 9 art\" width=\"500\" height=\"89\" srcset=\"https:\/\/www.clairebouilhac.com\/wp-content\/uploads\/2015\/08\/bande-9-art.jpg 500w, https:\/\/www.clairebouilhac.com\/wp-content\/uploads\/2015\/08\/bande-9-art-300x53.jpg 300w\" sizes=\"(max-width: 500px) 100vw, 500px\" \/><\/a><\/p>\n<p>Ce \u00ab\u00a0dialogue\u00a0\u00bb graphique, qui pourrait \u00e9ventuellement perturber le lecteur, se r\u00e9v\u00e8le \u00eatre en fait une superbe id\u00e9e et met encore davantage cette BD en valeur\u00a0! Les dessins sont en effet de qualit\u00e9, les traits soign\u00e9s et les couleurs permettent vraiment aux lecteurs de se plonger dans l\u2019histoire.<\/p>\n<p>\u00c0\u00a0lire pour tous les amoureux du 9<sup>\u00e8me<\/sup>\u00a0art\u00a0!<\/p>\n<p>&nbsp;<\/p>\n<p><strong>\u2022\u2022\u2022\u00a0<a href=\"http:\/\/www.ligneclaire.info\/demongeot-bouilhac-catel-29439.html\" target=\"_blank\">LIGNE CLAIRE<\/a><\/strong><\/p>\n<p><a href=\"http:\/\/www.ligneclaire.info\/demongeot-bouilhac-catel-29439.html\" target=\"_blank\"><img loading=\"lazy\" class=\"alignnone size-full wp-image-4613\" src=\"https:\/\/www.clairebouilhac.com\/wp-content\/uploads\/2015\/08\/ligne-Claire.jpg\" alt=\"ligne Claire\" width=\"500\" height=\"62\" srcset=\"https:\/\/www.clairebouilhac.com\/wp-content\/uploads\/2015\/08\/ligne-Claire.jpg 500w, https:\/\/www.clairebouilhac.com\/wp-content\/uploads\/2015\/08\/ligne-Claire-300x37.jpg 300w\" sizes=\"(max-width: 500px) 100vw, 500px\" \/><\/a><\/p>\n<p>&nbsp;<\/p>\n<p>&nbsp;<\/p>\n<p><strong>\u2022\u2022\u2022\u00a0<a href=\"http:\/\/l-echo.info\/\" target=\"_blank\">L&rsquo;ECHO<\/a><\/strong><\/p>\n<p><i>L\u2019\u00c9cho e<\/i>st un quotidien du centre de la France qui couvre huit d\u00e9partements (Haute-Vienne, Corr\u00e8ze, Creuse, Indre, Dordogne&#8230;) et la page \u00ab\u00a0<i>B\u00e9d\u00e9philes<\/i>\u00a0\u00bb, qui existe depuis janvier 1998, est la seule page consacr\u00e9e enti\u00e8rement \u00e0 la bande dessin\u00e9e dans la Presse Quotidienne R\u00e9gionale.<\/p>\n<p><a href=\"https:\/\/www.clairebouilhac.com\/wp-content\/uploads\/2015\/08\/Bedephiles_7_9.jpg\"><img loading=\"lazy\" class=\"alignnone size-full wp-image-4595\" src=\"https:\/\/www.clairebouilhac.com\/wp-content\/uploads\/2015\/08\/Bedephiles_7_9.jpg\" alt=\"Bedephiles_7_09.indd\" width=\"500\" height=\"743\" srcset=\"https:\/\/www.clairebouilhac.com\/wp-content\/uploads\/2015\/08\/Bedephiles_7_9.jpg 500w, https:\/\/www.clairebouilhac.com\/wp-content\/uploads\/2015\/08\/Bedephiles_7_9-202x300.jpg 202w\" sizes=\"(max-width: 500px) 100vw, 500px\" \/><\/a><\/p>\n<p>&nbsp;<\/p>\n<p>&nbsp;<\/p>\n<p><strong>\u2022\u2022\u2022\u00a0<a href=\"http:\/\/www.bodoi.info\/adieu-karkhov\/\" target=\"_blank\">BODO\u00cf<\/a><\/strong><\/p>\n<p><a href=\"https:\/\/www.clairebouilhac.com\/wp-content\/uploads\/2015\/08\/Bodoi.jpg\"><img loading=\"lazy\" class=\"alignnone size-full wp-image-4576\" src=\"https:\/\/www.clairebouilhac.com\/wp-content\/uploads\/2015\/08\/Bodoi.jpg\" alt=\"Bodoi\" width=\"500\" height=\"260\" srcset=\"https:\/\/www.clairebouilhac.com\/wp-content\/uploads\/2015\/08\/Bodoi.jpg 500w, https:\/\/www.clairebouilhac.com\/wp-content\/uploads\/2015\/08\/Bodoi-300x156.jpg 300w\" sizes=\"(max-width: 500px) 100vw, 500px\" \/><\/a><\/p>\n<h1 class=\"blogtitle entry-title\">Adieu Karkhov\u00a0<img src=\"http:\/\/www.bodoi.info\/wp-content\/themes\/extranews\/images\/4.png\" alt=\"\" \/><\/h1>\n<p><strong>Les p\u00e9rip\u00e9ties russes, puis chinoises et fran\u00e7aises de Claudia sont, elles, tout \u00e0 fait captivantes :<\/strong><strong>\u00a0joliment mis en couleurs, le trait de\u00a0Claire Bouilhac (dessinatrice de l\u2019hilarante s\u00e9rie\u00a0<em><a href=\"http:\/\/www.bodoi.info\/francis-est-malade\/\">Francis<\/a><\/em>)\u00a0\u00e9pouse de fa\u00e7on tr\u00e8s s\u00e9duisante ce personnage plein d\u2019asp\u00e9rit\u00e9s, qui porte de bout en bout cet album imparfait, mais riche et rythm\u00e9.<\/strong><\/p>\n<p>&nbsp;<\/p>\n<p><strong>\u2022\u2022\u2022\u00a0<a href=\"http:\/\/bdzoom.com\/90022\/bd-de-la-semaine\/\u00ab-adieu-kharkov-\u00bb-par-catel-claire-bouilhac-et-mylene-demongeot\/\" target=\"_blank\">BDZOOM<\/a><\/strong><\/p>\n<p><a href=\"https:\/\/www.clairebouilhac.com\/wp-content\/uploads\/2015\/08\/BD-ZOOM.jpg\"><img loading=\"lazy\" class=\"alignnone size-full wp-image-4550\" src=\"https:\/\/www.clairebouilhac.com\/wp-content\/uploads\/2015\/08\/BD-ZOOM.jpg\" alt=\"BD ZOOM\" width=\"500\" height=\"369\" srcset=\"https:\/\/www.clairebouilhac.com\/wp-content\/uploads\/2015\/08\/BD-ZOOM.jpg 500w, https:\/\/www.clairebouilhac.com\/wp-content\/uploads\/2015\/08\/BD-ZOOM-300x221.jpg 300w\" sizes=\"(max-width: 500px) 100vw, 500px\" \/><\/a><\/p>\n<p><em><a href=\"http:\/\/bdzoom.com\/90022\/bd-de-la-semaine\/\u00ab-adieu-kharkov-\u00bb-par-catel-claire-bouilhac-et-mylene-demongeot\/\" target=\"_blank\">Lire l&rsquo;article entier.<\/a><\/em><\/p>\n<p>&nbsp;<\/p>\n<p><strong>\u2022\u2022\u2022<\/strong>\u00a0<strong><a href=\"http:\/\/us1.campaign-archive2.com\/?u=85b3e9c789c90c68eaf63b0fb&amp;id=8ac1137871&amp;e=b1b18b2487\" target=\"_blank\">BDFUGUE<\/a><\/strong><\/p>\n<p><img loading=\"lazy\" class=\"alignnone size-full wp-image-4544\" src=\"https:\/\/www.clairebouilhac.com\/wp-content\/uploads\/2015\/08\/BD-fugue.jpg\" alt=\"BD fugue\" width=\"500\" height=\"534\" srcset=\"https:\/\/www.clairebouilhac.com\/wp-content\/uploads\/2015\/08\/BD-fugue.jpg 500w, https:\/\/www.clairebouilhac.com\/wp-content\/uploads\/2015\/08\/BD-fugue-281x300.jpg 281w\" sizes=\"(max-width: 500px) 100vw, 500px\" \/><\/p>\n<p>&nbsp;<\/p>\n<p><strong>\u2022\u2022\u2022\u00a0<a href=\"http:\/\/jn.lesoir.be\/?_ga=1.64460911.1918630162.1425721082#\/article\/262963\" target=\"_blank\">LE\u00a0SOIR<\/a><\/strong><\/p>\n<p><img loading=\"lazy\" class=\"alignnone size-full wp-image-4545\" src=\"https:\/\/www.clairebouilhac.com\/wp-content\/uploads\/2015\/08\/Kharkov-dans-le-Soir.jpg\" alt=\"Kharkov dans le Soir\" width=\"500\" height=\"612\" srcset=\"https:\/\/www.clairebouilhac.com\/wp-content\/uploads\/2015\/08\/Kharkov-dans-le-Soir.jpg 500w, https:\/\/www.clairebouilhac.com\/wp-content\/uploads\/2015\/08\/Kharkov-dans-le-Soir-245x300.jpg 245w\" sizes=\"(max-width: 500px) 100vw, 500px\" \/><\/p>\n","protected":false},"excerpt":{"rendered":"<p>\u2022\u2022\u2022\u00a0BRANCH\u00c9S CULTURE Myl\u00e8ne Demongeot, actrice de BD et de vie sous le crayon de Bouilhac et\u00a0Catel Comment conqu\u00e9rir la libert\u00e9? Vaste question, qu\u2019on soit issu du petit peuple ou qu\u2019on appartienne au monde du star-syst\u00e8me. Myl\u00e8ne Demongeot, elle, est pass\u00e9e des deux c\u00f4t\u00e9s du miroir, d\u2019une enfance pas facile\u00a0\u00e0 la gloire apport\u00e9e par des films [&hellip;]<\/p>\n","protected":false},"author":408,"featured_media":0,"parent":4665,"menu_order":0,"comment_status":"open","ping_status":"closed","template":"","meta":[],"aioseo_notices":[],"_links":{"self":[{"href":"https:\/\/www.clairebouilhac.com\/index.php?rest_route=\/wp\/v2\/pages\/4669"}],"collection":[{"href":"https:\/\/www.clairebouilhac.com\/index.php?rest_route=\/wp\/v2\/pages"}],"about":[{"href":"https:\/\/www.clairebouilhac.com\/index.php?rest_route=\/wp\/v2\/types\/page"}],"author":[{"embeddable":true,"href":"https:\/\/www.clairebouilhac.com\/index.php?rest_route=\/wp\/v2\/users\/408"}],"replies":[{"embeddable":true,"href":"https:\/\/www.clairebouilhac.com\/index.php?rest_route=%2Fwp%2Fv2%2Fcomments&post=4669"}],"version-history":[{"count":40,"href":"https:\/\/www.clairebouilhac.com\/index.php?rest_route=\/wp\/v2\/pages\/4669\/revisions"}],"predecessor-version":[{"id":5957,"href":"https:\/\/www.clairebouilhac.com\/index.php?rest_route=\/wp\/v2\/pages\/4669\/revisions\/5957"}],"up":[{"embeddable":true,"href":"https:\/\/www.clairebouilhac.com\/index.php?rest_route=\/wp\/v2\/pages\/4665"}],"wp:attachment":[{"href":"https:\/\/www.clairebouilhac.com\/index.php?rest_route=%2Fwp%2Fv2%2Fmedia&parent=4669"}],"curies":[{"name":"wp","href":"https:\/\/api.w.org\/{rel}","templated":true}]}}