{"id":4907,"date":"2015-12-30T15:50:46","date_gmt":"2015-12-30T14:50:46","guid":{"rendered":"http:\/\/www.clairebouilhac.com\/?page_id=4907"},"modified":"2019-03-23T19:27:07","modified_gmt":"2019-03-23T18:27:07","slug":"%e2%80%a2%e2%80%a2%e2%80%a2-la-princesse-de-cleves-%e2%80%a2%e2%80%a2%e2%80%a2","status":"publish","type":"page","link":"https:\/\/www.clairebouilhac.com\/?page_id=4907","title":{"rendered":"\u2022 LA PRINCESSE DE CL\u00c8VES"},"content":{"rendered":"<p><b>La princesse de Cl\u00e8ves<\/b>\u2009 expose une forme de f\u00e9minisme in\u00e9dit, bas\u00e9\u00a0sur l\u2019estime de soi. La raison triomphe de la passion.<\/p>\n<p><b>La princesse de Cl\u00e8ves<\/b>\u2009 pourrait \u00eatre le contre-pied de <strong>Madame Bovary.<\/strong>\u00a0L\u2019h\u00e9ro\u00efne veut choisir sa vie, et non la subir\u00a0:\u00a0rester ma\u00eetresse de son destin quel qu\u2019en soit le prix.<\/p>\n<p>La d\u00e9licate adaptation sc\u00e9naristique a \u00e9t\u00e9 r\u00e9alis\u00e9e \u00e0 quatre mains par <strong>Claire Bouilhac<\/strong>\u00a0et <strong>Catel Muller.<\/strong><br \/>\nComme pour leur pr\u00e9c\u00e9dent album, mais avec des proportions plus diff\u00e9rentes, chacune des autrices a dessin\u00e9 une partie de l&rsquo;ouvrage. Leurs deux graphismes se cotoient avec assez de nuances pour ne pas se confondre, sans heurter la lecture.<\/p>\n<p>&nbsp;<\/p>\n<p><strong>Claire Bouilhac<\/strong> a dessin\u00e9 l\u2019histoire de la princesse.<\/p>\n<p>&nbsp;<\/p>\n<p>&nbsp;<\/p>\n<p><a href=\"https:\/\/www.clairebouilhac.com\/wp-content\/uploads\/2015\/12\/Page-17.jpg\"><img loading=\"lazy\" class=\"alignnone size-full wp-image-6854\" src=\"https:\/\/www.clairebouilhac.com\/wp-content\/uploads\/2015\/12\/Page-17-e1553364801621.jpg\" alt=\"Page 17\" width=\"500\" height=\"667\" \/><\/a><\/p>\n<p><a href=\"https:\/\/www.clairebouilhac.com\/wp-content\/uploads\/2015\/12\/Page-18-e1553364816145.jpg\"><img loading=\"lazy\" class=\"alignnone size-full wp-image-6855\" src=\"https:\/\/www.clairebouilhac.com\/wp-content\/uploads\/2015\/12\/Page-18-e1553364816145.jpg\" alt=\"Page 18\" width=\"500\" height=\"667\" \/><\/a><\/p>\n<p><strong>Catel Muller<\/strong> r\u00e9alise les illustrations d\u2019un prologue et d&rsquo;un \u00e9pilogue compl\u00e9mentaires sur <strong>Marie-Madeleine de La Fayette<\/strong>. <\/p>\n<p><a href=\"https:\/\/www.clairebouilhac.com\/wp-content\/uploads\/2015\/12\/Page-12-e1553364978957.jpg\"><img loading=\"lazy\" class=\"alignnone size-full wp-image-6858\" src=\"https:\/\/www.clairebouilhac.com\/wp-content\/uploads\/2015\/12\/Page-12-e1553364978957.jpg\" alt=\"Page 12\" width=\"500\" height=\"667\" \/><\/a><\/p>\n<p>Le lecteur pourra par lui-m\u00eame faire les rapprochements et les parall\u00e8les\u00a0entre l\u2019autrice et son h\u00e9ro\u00efne.<\/p>\n<p><strong>FEUILLETEZ L&rsquo;ALBUM<\/strong> :<\/p>\n<p><iframe loading=\"lazy\" src=\"http:\/\/www.westory.fr\/dargaud\/lire-en-ligne\/la-princesse-de-cleves\/0\/princesse-de-cleves-la?token=A8OqitEtco6CVtHLlidDTV4sle9WLsLM\" width=\"500\" height=\"375\" frameborder=\"0\" scrolling=\"no\" allowfullscreen=\"allowfullscreen\"><\/iframe><\/p>\n<p><a href=\"http:\/\/www.dargaud.com\/\" target=\"_blank\">Le 29 mars 2019\u00a0aux \u00e9ditions DARGAUD<\/a><\/p>\n","protected":false},"excerpt":{"rendered":"<p>La princesse de Cl\u00e8ves\u2009 expose une forme de f\u00e9minisme in\u00e9dit, bas\u00e9\u00a0sur l\u2019estime de soi. La raison triomphe de la passion. La princesse de Cl\u00e8ves\u2009 pourrait \u00eatre le contre-pied de Madame Bovary.\u00a0L\u2019h\u00e9ro\u00efne veut choisir sa vie, et non la subir\u00a0:\u00a0rester ma\u00eetresse de son destin quel qu\u2019en soit le prix. La d\u00e9licate adaptation sc\u00e9naristique a \u00e9t\u00e9 r\u00e9alis\u00e9e [&hellip;]<\/p>\n","protected":false},"author":408,"featured_media":0,"parent":0,"menu_order":0,"comment_status":"open","ping_status":"open","template":"","meta":[],"aioseo_notices":[],"_links":{"self":[{"href":"https:\/\/www.clairebouilhac.com\/index.php?rest_route=\/wp\/v2\/pages\/4907"}],"collection":[{"href":"https:\/\/www.clairebouilhac.com\/index.php?rest_route=\/wp\/v2\/pages"}],"about":[{"href":"https:\/\/www.clairebouilhac.com\/index.php?rest_route=\/wp\/v2\/types\/page"}],"author":[{"embeddable":true,"href":"https:\/\/www.clairebouilhac.com\/index.php?rest_route=\/wp\/v2\/users\/408"}],"replies":[{"embeddable":true,"href":"https:\/\/www.clairebouilhac.com\/index.php?rest_route=%2Fwp%2Fv2%2Fcomments&post=4907"}],"version-history":[{"count":20,"href":"https:\/\/www.clairebouilhac.com\/index.php?rest_route=\/wp\/v2\/pages\/4907\/revisions"}],"predecessor-version":[{"id":6865,"href":"https:\/\/www.clairebouilhac.com\/index.php?rest_route=\/wp\/v2\/pages\/4907\/revisions\/6865"}],"wp:attachment":[{"href":"https:\/\/www.clairebouilhac.com\/index.php?rest_route=%2Fwp%2Fv2%2Fmedia&parent=4907"}],"curies":[{"name":"wp","href":"https:\/\/api.w.org\/{rel}","templated":true}]}}