{"id":5958,"date":"2017-10-09T11:52:06","date_gmt":"2017-10-09T09:52:06","guid":{"rendered":"http:\/\/www.clairebouilhac.com\/?page_id=5958"},"modified":"2017-10-29T16:57:08","modified_gmt":"2017-10-29T15:57:08","slug":"%e2%80%a2%e2%80%a2%e2%80%a2-francis-%e2%80%a2%e2%80%a2%e2%80%a2","status":"publish","type":"page","link":"https:\/\/www.clairebouilhac.com\/?page_id=5958","title":{"rendered":"\u2022\u2022\u2022 FRANCIS \u2022\u2022\u2022"},"content":{"rendered":"<blockquote>\n<div>\n<p><a href=\"http:\/\/www.francisblaireau.com\/wp-content\/uploads\/2017\/10\/francis-yeah.jpeg\"><img loading=\"lazy\" class=\"size-thumbnail wp-image-815 alignleft\" title=\"francis-yeah\" src=\"http:\/\/www.francisblaireau.com\/wp-content\/uploads\/2017\/10\/francis-yeah-150x150.jpg\" alt=\"francis-yeah\" width=\"150\" height=\"150\" \/><\/a><\/p>\n<\/div>\n<\/blockquote>\n<p>&nbsp;<\/p>\n<p>&nbsp;<\/p>\n<p>&nbsp;<\/p>\n<p>&nbsp;<\/p>\n<p><a href=\"http:\/\/www.francisblaireau.com\/tome-7-francis-est-papa\/\">FRANCIS EST PAPA<\/a>, le tome 7 des aventures du plus attachant des blaireaux, fait l&rsquo;unanimit\u00e9 dans la presse.<\/p>\n<p>Cliquer sur les liens pour acc\u00e9der aux articles en int\u00e9gralit\u00e9.<\/p>\n<p>\u2022\u00a0<span class=\"Apple-style-span\">L&rsquo;OBS\u00a0<\/span><a href=\"http:\/\/www.francisblaireau.com\/wp-content\/uploads\/2017\/10\/2017-lobs-francis-7-amandine-schmitt.jpg\" target=\"_blank\">cliquez ici<\/a><\/p>\n<p><a href=\"http:\/\/www.francisblaireau.com\/wp-content\/uploads\/2017\/10\/bd-2017-lobs-francis-7-amandine-schmitt.jpg\"><img loading=\"lazy\" class=\"alignnone size-full wp-image-852\" title=\"bd-2017-lobs-francis-7-amandine-schmitt\" src=\"http:\/\/www.francisblaireau.com\/wp-content\/uploads\/2017\/10\/bd-2017-lobs-francis-7-amandine-schmitt.jpg\" alt=\"bd-2017-lobs-francis-7-amandine-schmitt\" width=\"500\" height=\"672\" \/><\/a><\/p>\n<p>\u2022\u00a0<span class=\"Apple-style-span\">LIB\u00c9RATION<\/span><a href=\"https:\/\/www.clairebouilhac.com\/wp-content\/uploads\/2017\/10\/2017-LIBERATION-FRANCIS-7-PAR-QUENTIN-GIRARD1.jpg\" target=\"_blank\">\u00a0cliquez ici<\/a><\/p>\n<p><a href=\"https:\/\/www.clairebouilhac.com\/wp-content\/uploads\/2017\/10\/2017-LIBERATION-FRANCIS-7-PAR-QUENTIN-GIRARD1.jpg\"><img loading=\"lazy\" class=\"alignnone size-full wp-image-5992\" src=\"https:\/\/www.clairebouilhac.com\/wp-content\/uploads\/2017\/10\/2017-LIBERATION-FRANCIS-7-PAR-QUENTIN-GIRARD1.jpg\" alt=\"2017 LIBERATION FRANCIS 7 PAR QUENTIN GIRARD\" width=\"500\" height=\"322\" srcset=\"https:\/\/www.clairebouilhac.com\/wp-content\/uploads\/2017\/10\/2017-LIBERATION-FRANCIS-7-PAR-QUENTIN-GIRARD1.jpg 3263w, https:\/\/www.clairebouilhac.com\/wp-content\/uploads\/2017\/10\/2017-LIBERATION-FRANCIS-7-PAR-QUENTIN-GIRARD1-300x194.jpg 300w, https:\/\/www.clairebouilhac.com\/wp-content\/uploads\/2017\/10\/2017-LIBERATION-FRANCIS-7-PAR-QUENTIN-GIRARD1-1024x661.jpg 1024w\" sizes=\"(max-width: 500px) 100vw, 500px\" \/><\/a><\/p>\n<p>\u2022<span class=\"Apple-style-span\">\u00a0DBD interview 4 pages\u00a0<\/span><a href=\"https:\/\/www.clairebouilhac.com\/wp-content\/uploads\/2017\/10\/054-057_DBD116-Francis-4.pdf\" target=\"_blank\">cliquez ici<\/a><\/p>\n<p><a href=\"https:\/\/www.clairebouilhac.com\/wp-content\/uploads\/2017\/10\/BD-DBD-17.jpg\"><img loading=\"lazy\" class=\"alignnone size-full wp-image-5988\" src=\"https:\/\/www.clairebouilhac.com\/wp-content\/uploads\/2017\/10\/BD-DBD-17.jpg\" alt=\"BD DBD 17\" width=\"500\" height=\"624\" srcset=\"https:\/\/www.clairebouilhac.com\/wp-content\/uploads\/2017\/10\/BD-DBD-17.jpg 500w, https:\/\/www.clairebouilhac.com\/wp-content\/uploads\/2017\/10\/BD-DBD-17-240x300.jpg 240w\" sizes=\"(max-width: 500px) 100vw, 500px\" \/><\/a><\/p>\n<p>\u2022\u00a0<span class=\"Apple-style-span\">ROCK &amp; FOLK<\/span>\u00a0<a href=\"http:\/\/www.francisblaireau.com\/wp-content\/uploads\/2017\/10\/2017-rock-folk-francis-7-par-geant-vert.jpg\" target=\"_blank\">cliquez ici<\/a><\/p>\n<p><a href=\"https:\/\/www.clairebouilhac.com\/wp-content\/uploads\/2017\/10\/BD-2017-ROCK-FOLK-FRANCIS-7-PAR-GEANT-VERT.jpg\"><img loading=\"lazy\" class=\"alignnone size-full wp-image-5989\" src=\"https:\/\/www.clairebouilhac.com\/wp-content\/uploads\/2017\/10\/BD-2017-ROCK-FOLK-FRANCIS-7-PAR-GEANT-VERT.jpg\" alt=\"BD 2017 ROCK &amp; FOLK FRANCIS 7 PAR GEANT VERT\" width=\"500\" height=\"196\" srcset=\"https:\/\/www.clairebouilhac.com\/wp-content\/uploads\/2017\/10\/BD-2017-ROCK-FOLK-FRANCIS-7-PAR-GEANT-VERT.jpg 500w, https:\/\/www.clairebouilhac.com\/wp-content\/uploads\/2017\/10\/BD-2017-ROCK-FOLK-FRANCIS-7-PAR-GEANT-VERT-300x118.jpg 300w\" sizes=\"(max-width: 500px) 100vw, 500px\" \/><\/a><\/p>\n<p>\u2022\u00a0<span class=\"Apple-style-span\">ROCK CRITIC<\/span><a href=\"https:\/\/www.clairebouilhac.com\/wp-content\/uploads\/2017\/10\/ClaireJake-09-Rock-Critic.pdf\" target=\"_blank\">\u00a0cliquez ici<\/a><\/p>\n<p><a href=\"http:\/\/www.francisblaireau.com\/wp-content\/uploads\/2017\/10\/bdclairejake-09-rock-critic.jpg\"><img loading=\"lazy\" class=\"alignnone size-full wp-image-836\" title=\"CMJN de base\" src=\"http:\/\/www.francisblaireau.com\/wp-content\/uploads\/2017\/10\/bdclairejake-09-rock-critic.jpg\" alt=\"CMJN de base\" width=\"500\" height=\"172\" \/><\/a><\/p>\n<p>\u2022\u00a0<span class=\"Apple-style-span\">LE VIF L&rsquo;EXPRESS<\/span>\u00a0<a href=\"http:\/\/www.francisblaireau.com\/wp-content\/uploads\/2017\/10\/fp35-036.pdf\" target=\"_blank\">cliquez ici<\/a><\/p>\n<p><a href=\"https:\/\/www.clairebouilhac.com\/wp-content\/uploads\/2017\/10\/BD-FOCUS-17.jpg\"><img loading=\"lazy\" class=\"alignnone size-full wp-image-5990\" src=\"https:\/\/www.clairebouilhac.com\/wp-content\/uploads\/2017\/10\/BD-FOCUS-17.jpg\" alt=\"Selection_pixels\" width=\"500\" height=\"425\" srcset=\"https:\/\/www.clairebouilhac.com\/wp-content\/uploads\/2017\/10\/BD-FOCUS-17.jpg 500w, https:\/\/www.clairebouilhac.com\/wp-content\/uploads\/2017\/10\/BD-FOCUS-17-300x255.jpg 300w\" sizes=\"(max-width: 500px) 100vw, 500px\" \/><\/a><\/p>\n<p>\u2022\u00a0<span class=\"Apple-style-span\">ACTUABD<\/span><a href=\"http:\/\/www.actuabd.com\/+Francis-Tome-7-Francis-est-papa-Par-Claire-Bouilhac-Jake-Raynal-Cornelius+\" target=\"_blank\">\u00a0cliquez ici<\/a><\/p>\n<p><a href=\"https:\/\/www.clairebouilhac.com\/wp-content\/uploads\/2017\/10\/BD-actua-BD-fra7.jpg\"><img loading=\"lazy\" class=\"alignnone size-full wp-image-5999\" src=\"https:\/\/www.clairebouilhac.com\/wp-content\/uploads\/2017\/10\/BD-actua-BD-fra7.jpg\" alt=\"BD actua BD fra7\" width=\"500\" height=\"302\" srcset=\"https:\/\/www.clairebouilhac.com\/wp-content\/uploads\/2017\/10\/BD-actua-BD-fra7.jpg 500w, https:\/\/www.clairebouilhac.com\/wp-content\/uploads\/2017\/10\/BD-actua-BD-fra7-300x181.jpg 300w\" sizes=\"(max-width: 500px) 100vw, 500px\" \/><\/a><\/p>\n<p>\u2022\u00a0<span class=\"Apple-style-span\">CANAL BD\u00a0<a href=\"http:\/\/www.francisblaireau.com\/wp-content\/uploads\/2017\/10\/bd-clairejake-2017-10-canal-bd1.jpg\" target=\"_blank\">cliquez ici<\/a><\/span><\/p>\n<p><a href=\"http:\/\/www.francisblaireau.com\/wp-content\/uploads\/2017\/10\/bd-clairejake-2017-10-canal-bd1.jpg\"><img loading=\"lazy\" class=\"alignnone size-full wp-image-825\" title=\"bd-clairejake-2017-10-canal-bd1\" src=\"http:\/\/www.francisblaireau.com\/wp-content\/uploads\/2017\/10\/bd-clairejake-2017-10-canal-bd1.jpg\" alt=\"bd-clairejake-2017-10-canal-bd1\" width=\"500\" height=\"202\" \/><\/a><\/p>\n<p>\u2022\u00a0<span class=\"Apple-style-span\">SUD OUEST<\/span><a href=\"https:\/\/www.clairebouilhac.com\/wp-content\/uploads\/2017\/10\/2017-SUD-OUEST-FRANCIS-7-PAR-CELINE-MUSSEAU.jpg\" target=\"_blank\">\u00a0cliquez ici<\/a><\/p>\n<p><a href=\"https:\/\/www.clairebouilhac.com\/wp-content\/uploads\/2017\/10\/BD-sudOuest-fra7.jpg\"><img loading=\"lazy\" class=\"alignnone size-full wp-image-5995\" src=\"https:\/\/www.clairebouilhac.com\/wp-content\/uploads\/2017\/10\/BD-sudOuest-fra7.jpg\" alt=\"BD sudOuest fra7\" width=\"500\" height=\"357\" srcset=\"https:\/\/www.clairebouilhac.com\/wp-content\/uploads\/2017\/10\/BD-sudOuest-fra7.jpg 500w, https:\/\/www.clairebouilhac.com\/wp-content\/uploads\/2017\/10\/BD-sudOuest-fra7-300x214.jpg 300w\" sizes=\"(max-width: 500px) 100vw, 500px\" \/><\/a><\/p>\n<p>\u2022\u00a0<span class=\"Apple-style-span\">KONBINI<\/span><a href=\"http:\/\/www.konbini.com\/fr\/entertainment-2\/tour-dhorizon-des-animaux-emblematiques-de-la-bd-de-mickey-a-lapinot\/\" target=\"_blank\">\u00a0cliquez ici<\/a><\/p>\n<p><a href=\"http:\/\/www.francisblaireau.com\/wp-content\/uploads\/2017\/10\/bd-konbini.jpg\"><img loading=\"lazy\" class=\"alignnone size-full wp-image-820\" title=\"bd-konbini\" src=\"http:\/\/www.francisblaireau.com\/wp-content\/uploads\/2017\/10\/bd-konbini.jpg\" alt=\"bd-konbini\" width=\"500\" height=\"450\" \/><\/a><\/p>\n<p>\u2022\u00a0<span class=\"Apple-style-span\">BODO\u00cf<\/span><a href=\"http:\/\/www.bodoi.info\/francis-est-papa\/\" target=\"_blank\">\u00a0cliquez ici<\/a><\/p>\n<p><a href=\"http:\/\/www.francisblaireau.com\/wp-content\/uploads\/2017\/10\/bd-bodoi.jpg\"><img loading=\"lazy\" class=\"alignnone size-full wp-image-821\" title=\"bd-bodoi\" src=\"http:\/\/www.francisblaireau.com\/wp-content\/uploads\/2017\/10\/bd-bodoi.jpg\" alt=\"bd-bodoi\" width=\"500\" height=\"399\" \/><\/a><\/p>\n<p>\u2022\u00a0<span class=\"Apple-style-span\">JUNKPAGE<\/span><\/p>\n<p><a href=\"http:\/\/www.francisblaireau.com\/wp-content\/uploads\/2017\/10\/clairejake-2017-09-junkpage.jpg\"><img loading=\"lazy\" class=\"alignnone size-full wp-image-822\" title=\"clairejake-2017-09-junkpage\" src=\"http:\/\/www.francisblaireau.com\/wp-content\/uploads\/2017\/10\/clairejake-2017-09-junkpage.jpg\" alt=\"clairejake-2017-09-junkpage\" width=\"500\" height=\"1167\" \/><\/a><\/p>\n","protected":false},"excerpt":{"rendered":"<p>&nbsp; &nbsp; &nbsp; &nbsp; FRANCIS EST PAPA, le tome 7 des aventures du plus attachant des blaireaux, fait l&rsquo;unanimit\u00e9 dans la presse. Cliquer sur les liens pour acc\u00e9der aux articles en int\u00e9gralit\u00e9. \u2022\u00a0L&rsquo;OBS\u00a0cliquez ici \u2022\u00a0LIB\u00c9RATION\u00a0cliquez ici \u2022\u00a0DBD interview 4 pages\u00a0cliquez ici \u2022\u00a0ROCK &amp; FOLK\u00a0cliquez ici \u2022\u00a0ROCK CRITIC\u00a0cliquez ici \u2022\u00a0LE VIF L&rsquo;EXPRESS\u00a0cliquez ici \u2022\u00a0ACTUABD\u00a0cliquez ici \u2022\u00a0CANAL [&hellip;]<\/p>\n","protected":false},"author":408,"featured_media":0,"parent":4665,"menu_order":0,"comment_status":"open","ping_status":"open","template":"","meta":[],"aioseo_notices":[],"_links":{"self":[{"href":"https:\/\/www.clairebouilhac.com\/index.php?rest_route=\/wp\/v2\/pages\/5958"}],"collection":[{"href":"https:\/\/www.clairebouilhac.com\/index.php?rest_route=\/wp\/v2\/pages"}],"about":[{"href":"https:\/\/www.clairebouilhac.com\/index.php?rest_route=\/wp\/v2\/types\/page"}],"author":[{"embeddable":true,"href":"https:\/\/www.clairebouilhac.com\/index.php?rest_route=\/wp\/v2\/users\/408"}],"replies":[{"embeddable":true,"href":"https:\/\/www.clairebouilhac.com\/index.php?rest_route=%2Fwp%2Fv2%2Fcomments&post=5958"}],"version-history":[{"count":27,"href":"https:\/\/www.clairebouilhac.com\/index.php?rest_route=\/wp\/v2\/pages\/5958\/revisions"}],"predecessor-version":[{"id":6048,"href":"https:\/\/www.clairebouilhac.com\/index.php?rest_route=\/wp\/v2\/pages\/5958\/revisions\/6048"}],"up":[{"embeddable":true,"href":"https:\/\/www.clairebouilhac.com\/index.php?rest_route=\/wp\/v2\/pages\/4665"}],"wp:attachment":[{"href":"https:\/\/www.clairebouilhac.com\/index.php?rest_route=%2Fwp%2Fv2%2Fmedia&parent=5958"}],"curies":[{"name":"wp","href":"https:\/\/api.w.org\/{rel}","templated":true}]}}